{"id":7043,"date":"2018-05-11T05:22:06","date_gmt":"2018-05-11T05:22:06","guid":{"rendered":"https:\/\/gest-bau.es\/proyectos"},"modified":"2022-05-19T16:15:49","modified_gmt":"2022-05-19T16:15:49","slug":"projets","status":"publish","type":"page","link":"https:\/\/gest-bau.es\/fr\/projets","title":{"rendered":"Projets"},"content":{"rendered":"<p>[vc_row full_width=&#8221;stretch_row&#8221; css=&#8221;.vc_custom_1529478262875{padding-top: 92px !important;padding-bottom: 70px !important;}&#8221;][vc_column]<div class=\"rs-portfolio-style1  \">\r\n\t\t<div class=\"\"><div class=\"portfolio-filter  filter-center\">\r\n\t\t                <button class=\"active\" data-filter=\"*\">All Projects<\/button><button data-filter=\".filter_chalet\">Chalet<\/button><button data-filter=\".filter_interior-exterior\">Interiores y Exteriores<\/button><button data-filter=\".filter_unifamiliar\">Unifamiliar<\/button> <\/div><div class=\"row\"> <div class=\"grid\">\r\n\t\t\t\t\r\n\t\t\t\t<div class=\"col-md-4  col-xs-6 grid-item mb-30 filter_chalet \">\r\n                            <div class=\"portfolio-item\">\r\n                                <div class=\"portfolio-img\">\r\n\r\n                                   <img decoding=\"async\" src=\"https:\/\/gest-bau.es\/wp-content\/uploads\/2026\/07\/FACHADA-1.jpg\" alt=\"Casa en Port verd\" \/><\/div>\r\n                                <div class=\"portfolio-content\">\r\n                                    <div class=\"vertical-middle\">\r\n                                        <div class=\"vertical-middle-cell\"><a class=\"p-link\" href=\"https:\/\/gest-bau.es\/fr\/portfolios\/casa-en-port-verd\">\r\n        \t                                        <span class=\"vc_icon_element-icon fab fa-accessible-icon\"><\/span>\r\n        \t                                    <\/a><h3 class=\"p-title\"><a href=\"https:\/\/gest-bau.es\/fr\/portfolios\/casa-en-port-verd\">Casa en Port verd<\/a><\/h3><p class=\"p-category\"> <a href=\"https:\/\/gest-bau.es\/portfolios-category\/chalet\" rel=\"tag\">Chalet<\/a><\/p><\/div>\r\n                                    <\/div>\r\n                                <\/div>\r\n                            <\/div>\r\n                        <\/div>\r\n\t\t\t\t\r\n\t\t\t\t<div class=\"col-md-4  col-xs-6 grid-item mb-30 filter_chalet \">\r\n                            <div class=\"portfolio-item\">\r\n                                <div class=\"portfolio-img\">\r\n\r\n                                   <img decoding=\"async\" src=\"https:\/\/gest-bau.es\/wp-content\/uploads\/2026\/07\/ODH_0946.jpg\" alt=\"Finca en Santa Margalida\" \/><\/div>\r\n                                <div class=\"portfolio-content\">\r\n                                    <div class=\"vertical-middle\">\r\n                                        <div class=\"vertical-middle-cell\"><a class=\"p-link\" href=\"https:\/\/gest-bau.es\/fr\/portfolios\/finca-en-santa-margalida\">\r\n        \t                                        <span class=\"vc_icon_element-icon fab fa-accessible-icon\"><\/span>\r\n        \t                                    <\/a><h3 class=\"p-title\"><a href=\"https:\/\/gest-bau.es\/fr\/portfolios\/finca-en-santa-margalida\">Finca en Santa Margalida<\/a><\/h3><p class=\"p-category\"> <a href=\"https:\/\/gest-bau.es\/portfolios-category\/chalet\" rel=\"tag\">Chalet<\/a><\/p><\/div>\r\n                                    <\/div>\r\n                                <\/div>\r\n                            <\/div>\r\n                        <\/div>\r\n\t\t\t\t\r\n\t\t\t\t<div class=\"col-md-4  col-xs-6 grid-item mb-30 filter_chalet \">\r\n                            <div class=\"portfolio-item\">\r\n                                <div class=\"portfolio-img\">\r\n\r\n                                   <img decoding=\"async\" src=\"https:\/\/gest-bau.es\/wp-content\/uploads\/2022\/05\/IMG_4871-1.jpg\" alt=\"Notre promotion dans Maria de la Salut 2023\" \/><\/div>\r\n                                <div class=\"portfolio-content\">\r\n                                    <div class=\"vertical-middle\">\r\n                                        <div class=\"vertical-middle-cell\"><a class=\"p-link\" href=\"https:\/\/gest-bau.es\/fr\/portfolios\/notre-promotion-dans-maria-de-la-salut-2023\">\r\n        \t                                        <span class=\"vc_icon_element-icon fab fa-accessible-icon\"><\/span>\r\n        \t                                    <\/a><h3 class=\"p-title\"><a href=\"https:\/\/gest-bau.es\/fr\/portfolios\/notre-promotion-dans-maria-de-la-salut-2023\">Notre promotion dans Maria de la Salut 2023<\/a><\/h3><p class=\"p-category\"> <a href=\"https:\/\/gest-bau.es\/portfolios-category\/chalet\" rel=\"tag\">Chalet<\/a><\/p><\/div>\r\n                                    <\/div>\r\n                                <\/div>\r\n                            <\/div>\r\n                        <\/div>\r\n\t\t\t\t\r\n\t\t\t\t<div class=\"col-md-4  col-xs-6 grid-item mb-30 filter_unifamiliar \">\r\n                            <div class=\"portfolio-item\">\r\n                                <div class=\"portfolio-img\">\r\n\r\n                                   <img decoding=\"async\" src=\"https:\/\/gest-bau.es\/wp-content\/uploads\/2022\/05\/ODH_0376.jpg\" alt=\"Muro, r\u00e9novation compl\u00e8te d&#8217;un rez-de-chauss\u00e9e (2020)\" \/><\/div>\r\n                                <div class=\"portfolio-content\">\r\n                                    <div class=\"vertical-middle\">\r\n                                        <div class=\"vertical-middle-cell\"><a class=\"p-link\" href=\"https:\/\/gest-bau.es\/fr\/portfolios\/muro-renovation-complete-dun-rez-de-chaussee\">\r\n        \t                                        <span class=\"vc_icon_element-icon fab fa-accessible-icon\"><\/span>\r\n        \t                                    <\/a><h3 class=\"p-title\"><a href=\"https:\/\/gest-bau.es\/fr\/portfolios\/muro-renovation-complete-dun-rez-de-chaussee\">Muro, r\u00e9novation compl\u00e8te d&#8217;un rez-de-chauss\u00e9e (2020)<\/a><\/h3><p class=\"p-category\"> <a href=\"https:\/\/gest-bau.es\/portfolios-category\/unifamiliar\" rel=\"tag\">Unifamiliar<\/a><\/p><\/div>\r\n                                    <\/div>\r\n                                <\/div>\r\n                            <\/div>\r\n                        <\/div>\r\n\t\t\t\t\r\n\t\t\t\t<div class=\"col-md-4  col-xs-6 grid-item mb-30 filter_chalet \">\r\n                            <div class=\"portfolio-item\">\r\n                                <div class=\"portfolio-img\">\r\n\r\n                                   <img decoding=\"async\" src=\"https:\/\/gest-bau.es\/wp-content\/uploads\/2018\/08\/ODH_0418.jpg\" alt=\"Villa de luxe &#8211; Costa De Los Pinos \u2013 Abril 2022\" \/><\/div>\r\n                                <div class=\"portfolio-content\">\r\n                                    <div class=\"vertical-middle\">\r\n                                        <div class=\"vertical-middle-cell\"><a class=\"p-link\" href=\"https:\/\/gest-bau.es\/fr\/portfolios\/obra-nueva-costa-de-los-pinos\">\r\n        \t                                        <span class=\"vc_icon_element-icon fab fa-accessible-icon\"><\/span>\r\n        \t                                    <\/a><h3 class=\"p-title\"><a href=\"https:\/\/gest-bau.es\/fr\/portfolios\/obra-nueva-costa-de-los-pinos\">Villa de luxe &#8211; Costa De Los Pinos \u2013 Abril 2022<\/a><\/h3><p class=\"p-category\"> <a href=\"https:\/\/gest-bau.es\/portfolios-category\/chalet\" rel=\"tag\">Chalet<\/a><\/p><\/div>\r\n                                    <\/div>\r\n                                <\/div>\r\n                            <\/div>\r\n                        <\/div>\r\n\t\t\t\t\r\n\t\t\t\t<div class=\"col-md-4  col-xs-6 grid-item mb-30 filter_chalet \">\r\n                            <div class=\"portfolio-item\">\r\n                                <div class=\"portfolio-img\">\r\n\r\n                                   <img decoding=\"async\" src=\"https:\/\/gest-bau.es\/wp-content\/uploads\/2018\/08\/DSC_0110-scaled.jpg\" alt=\"FINCA SON CATIU 2018 Renovacion Completa\" \/><\/div>\r\n                                <div class=\"portfolio-content\">\r\n                                    <div class=\"vertical-middle\">\r\n                                        <div class=\"vertical-middle-cell\"><a class=\"p-link\" href=\"https:\/\/gest-bau.es\/fr\/portfolios\/finca-son-catiu-2018\">\r\n        \t                                        <span class=\"vc_icon_element-icon fab fa-accessible-icon\"><\/span>\r\n        \t                                    <\/a><h3 class=\"p-title\"><a href=\"https:\/\/gest-bau.es\/fr\/portfolios\/finca-son-catiu-2018\">FINCA SON CATIU 2018 Renovacion Completa<\/a><\/h3><p class=\"p-category\"> <a href=\"https:\/\/gest-bau.es\/portfolios-category\/chalet\" rel=\"tag\">Chalet<\/a><\/p><\/div>\r\n                                    <\/div>\r\n                                <\/div>\r\n                            <\/div>\r\n                        <\/div>\r\n\t\t\t\t\r\n\t\t\t\t<div class=\"col-md-4  col-xs-6 grid-item mb-30 filter_chalet \">\r\n                            <div class=\"portfolio-item\">\r\n                                <div class=\"portfolio-img\">\r\n\r\n                                   <img decoding=\"async\" src=\"https:\/\/gest-bau.es\/wp-content\/uploads\/2018\/08\/IMG_0004.jpg\" alt=\"R\u00e9novation complete chalet Costa de los Pinos\" \/><\/div>\r\n                                <div class=\"portfolio-content\">\r\n                                    <div class=\"vertical-middle\">\r\n                                        <div class=\"vertical-middle-cell\"><a class=\"p-link\" href=\"https:\/\/gest-bau.es\/fr\/portfolios\/chalet-costa-de-los-pinos\">\r\n        \t                                        <span class=\"vc_icon_element-icon fab fa-accessible-icon\"><\/span>\r\n        \t                                    <\/a><h3 class=\"p-title\"><a href=\"https:\/\/gest-bau.es\/fr\/portfolios\/chalet-costa-de-los-pinos\">R\u00e9novation complete chalet Costa de los Pinos<\/a><\/h3><p class=\"p-category\"> <a href=\"https:\/\/gest-bau.es\/portfolios-category\/chalet\" rel=\"tag\">Chalet<\/a><\/p><\/div>\r\n                                    <\/div>\r\n                                <\/div>\r\n                            <\/div>\r\n                        <\/div>\r\n\t\t\t\t\r\n\t\t\t\t<div class=\"col-md-4  col-xs-6 grid-item mb-30 filter_chalet \">\r\n                            <div class=\"portfolio-item\">\r\n                                <div class=\"portfolio-img\">\r\n\r\n                                   <img decoding=\"async\" src=\"https:\/\/gest-bau.es\/wp-content\/uploads\/2018\/08\/633.jpg\" alt=\"Renovation villa Port Verd\" \/><\/div>\r\n                                <div class=\"portfolio-content\">\r\n                                    <div class=\"vertical-middle\">\r\n                                        <div class=\"vertical-middle-cell\"><a class=\"p-link\" href=\"https:\/\/gest-bau.es\/fr\/portfolios\/renovacion-villa-port-verd\">\r\n        \t                                        <span class=\"vc_icon_element-icon fab fa-accessible-icon\"><\/span>\r\n        \t                                    <\/a><h3 class=\"p-title\"><a href=\"https:\/\/gest-bau.es\/fr\/portfolios\/renovacion-villa-port-verd\">Renovation villa Port Verd<\/a><\/h3><p class=\"p-category\"> <a href=\"https:\/\/gest-bau.es\/portfolios-category\/chalet\" rel=\"tag\">Chalet<\/a><\/p><\/div>\r\n                                    <\/div>\r\n                                <\/div>\r\n                            <\/div>\r\n                        <\/div>\r\n\t\t\t\t\r\n\t\t\t\t<div class=\"col-md-4  col-xs-6 grid-item mb-30 filter_unifamiliar \">\r\n                            <div class=\"portfolio-item\">\r\n                                <div class=\"portfolio-img\">\r\n\r\n                                   <img decoding=\"async\" src=\"https:\/\/gest-bau.es\/wp-content\/uploads\/2018\/08\/356.jpg\" alt=\"Reforma Llub\u00ed\" \/><\/div>\r\n                                <div class=\"portfolio-content\">\r\n                                    <div class=\"vertical-middle\">\r\n                                        <div class=\"vertical-middle-cell\"><a class=\"p-link\" href=\"https:\/\/gest-bau.es\/fr\/portfolios\/reforma-llubi\">\r\n        \t                                        <span class=\"vc_icon_element-icon fab fa-accessible-icon\"><\/span>\r\n        \t                                    <\/a><h3 class=\"p-title\"><a href=\"https:\/\/gest-bau.es\/fr\/portfolios\/reforma-llubi\">Reforma Llub\u00ed<\/a><\/h3><p class=\"p-category\"> <a href=\"https:\/\/gest-bau.es\/portfolios-category\/unifamiliar\" rel=\"tag\">Unifamiliar<\/a><\/p><\/div>\r\n                                    <\/div>\r\n                                <\/div>\r\n                            <\/div>\r\n                        <\/div>\r\n\t\t\t\t\r\n\t\t\t\t<div class=\"col-md-4  col-xs-6 grid-item mb-30 filter_chalet \">\r\n                            <div class=\"portfolio-item\">\r\n                                <div class=\"portfolio-img\">\r\n\r\n                                   <img decoding=\"async\" src=\"https:\/\/gest-bau.es\/wp-content\/uploads\/2018\/08\/603.jpg\" alt=\"Reforma Finca Son Baul\u00f3\" \/><\/div>\r\n                                <div class=\"portfolio-content\">\r\n                                    <div class=\"vertical-middle\">\r\n                                        <div class=\"vertical-middle-cell\"><a class=\"p-link\" href=\"https:\/\/gest-bau.es\/fr\/portfolios\/reforma-finca-son-baulo\">\r\n        \t                                        <span class=\"vc_icon_element-icon fab fa-accessible-icon\"><\/span>\r\n        \t                                    <\/a><h3 class=\"p-title\"><a href=\"https:\/\/gest-bau.es\/fr\/portfolios\/reforma-finca-son-baulo\">Reforma Finca Son Baul\u00f3<\/a><\/h3><p class=\"p-category\"> <a href=\"https:\/\/gest-bau.es\/portfolios-category\/chalet\" rel=\"tag\">Chalet<\/a><\/p><\/div>\r\n                                    <\/div>\r\n                                <\/div>\r\n                            <\/div>\r\n                        <\/div>\r\n\t\t\t\t\r\n\t\t\t\t<div class=\"col-md-4  col-xs-6 grid-item mb-30 filter_unifamiliar \">\r\n                            <div class=\"portfolio-item\">\r\n                                <div class=\"portfolio-img\">\r\n\r\n                                   <img decoding=\"async\" src=\"https:\/\/gest-bau.es\/wp-content\/uploads\/2018\/08\/553-1.jpg\" alt=\"Plurifamiliar Sa Costa\" \/><\/div>\r\n                                <div class=\"portfolio-content\">\r\n                                    <div class=\"vertical-middle\">\r\n                                        <div class=\"vertical-middle-cell\"><a class=\"p-link\" href=\"https:\/\/gest-bau.es\/fr\/portfolios\/plurifamiliar-sa-costa\">\r\n        \t                                        <span class=\"vc_icon_element-icon fab fa-accessible-icon\"><\/span>\r\n        \t                                    <\/a><h3 class=\"p-title\"><a href=\"https:\/\/gest-bau.es\/fr\/portfolios\/plurifamiliar-sa-costa\">Plurifamiliar Sa Costa<\/a><\/h3><p class=\"p-category\"> <a href=\"https:\/\/gest-bau.es\/portfolios-category\/unifamiliar\" rel=\"tag\">Unifamiliar<\/a><\/p><\/div>\r\n                                    <\/div>\r\n                                <\/div>\r\n                            <\/div>\r\n                        <\/div>\r\n\t\t\t\t\r\n\t\t\t\t<div class=\"col-md-4  col-xs-6 grid-item mb-30 filter_unifamiliar \">\r\n                            <div class=\"portfolio-item\">\r\n                                <div class=\"portfolio-img\">\r\n\r\n                                   <img decoding=\"async\" src=\"https:\/\/gest-bau.es\/wp-content\/uploads\/2018\/08\/593.jpg\" alt=\"Plurifamiliar JUAL Palma de Mallorca\" \/><\/div>\r\n                                <div class=\"portfolio-content\">\r\n                                    <div class=\"vertical-middle\">\r\n                                        <div class=\"vertical-middle-cell\"><a class=\"p-link\" href=\"https:\/\/gest-bau.es\/fr\/portfolios\/plufufumiliar-jual-palma-de-mallorca\">\r\n        \t                                        <span class=\"vc_icon_element-icon fab fa-accessible-icon\"><\/span>\r\n        \t                                    <\/a><h3 class=\"p-title\"><a href=\"https:\/\/gest-bau.es\/fr\/portfolios\/plufufumiliar-jual-palma-de-mallorca\">Plurifamiliar JUAL Palma de Mallorca<\/a><\/h3><p class=\"p-category\"> <a href=\"https:\/\/gest-bau.es\/portfolios-category\/unifamiliar\" rel=\"tag\">Unifamiliar<\/a><\/p><\/div>\r\n                                    <\/div>\r\n                                <\/div>\r\n                            <\/div>\r\n                        <\/div>\r\n\t\t\t\t\r\n\t\t\t\t<div class=\"col-md-4  col-xs-6 grid-item mb-30 filter_chalet \">\r\n                            <div class=\"portfolio-item\">\r\n                                <div class=\"portfolio-img\">\r\n\r\n                                   <img decoding=\"async\" src=\"https:\/\/gest-bau.es\/wp-content\/uploads\/2018\/08\/547.jpg\" alt=\"Finca r\u00fastica Son Parera\" \/><\/div>\r\n                                <div class=\"portfolio-content\">\r\n                                    <div class=\"vertical-middle\">\r\n                                        <div class=\"vertical-middle-cell\"><a class=\"p-link\" href=\"https:\/\/gest-bau.es\/fr\/portfolios\/ficna-rustica-son-parera\">\r\n        \t                                        <span class=\"vc_icon_element-icon fab fa-accessible-icon\"><\/span>\r\n        \t                                    <\/a><h3 class=\"p-title\"><a href=\"https:\/\/gest-bau.es\/fr\/portfolios\/ficna-rustica-son-parera\">Finca r\u00fastica Son Parera<\/a><\/h3><p class=\"p-category\"> <a href=\"https:\/\/gest-bau.es\/portfolios-category\/chalet\" rel=\"tag\">Chalet<\/a><\/p><\/div>\r\n                                    <\/div>\r\n                                <\/div>\r\n                            <\/div>\r\n                        <\/div>\r\n\t\t\t\t\r\n\t\t\t\t<div class=\"col-md-4  col-xs-6 grid-item mb-30 filter_chalet \">\r\n                            <div class=\"portfolio-item\">\r\n                                <div class=\"portfolio-img\">\r\n\r\n                                   <img decoding=\"async\" src=\"https:\/\/gest-bau.es\/wp-content\/uploads\/2018\/08\/545.jpg\" alt=\"Finca r\u00fastica Son Femen\u00edas\" \/><\/div>\r\n                                <div class=\"portfolio-content\">\r\n                                    <div class=\"vertical-middle\">\r\n                                        <div class=\"vertical-middle-cell\"><a class=\"p-link\" href=\"https:\/\/gest-bau.es\/fr\/portfolios\/finca-rustica-son-femenias\">\r\n        \t                                        <span class=\"vc_icon_element-icon fab fa-accessible-icon\"><\/span>\r\n        \t                                    <\/a><h3 class=\"p-title\"><a href=\"https:\/\/gest-bau.es\/fr\/portfolios\/finca-rustica-son-femenias\">Finca r\u00fastica Son Femen\u00edas<\/a><\/h3><p class=\"p-category\"> <a href=\"https:\/\/gest-bau.es\/portfolios-category\/chalet\" rel=\"tag\">Chalet<\/a><\/p><\/div>\r\n                                    <\/div>\r\n                                <\/div>\r\n                            <\/div>\r\n                        <\/div>\r\n\t\t\t\t\r\n\t\t\t\t<div class=\"col-md-4  col-xs-6 grid-item mb-30 filter_chalet \">\r\n                            <div class=\"portfolio-item\">\r\n                                <div class=\"portfolio-img\">\r\n\r\n                                   <img decoding=\"async\" src=\"https:\/\/gest-bau.es\/wp-content\/uploads\/2018\/05\/312.jpg\" alt=\"Finca r\u00fastica \u00abFinca Panor\u00e1mica\u00bb\" \/><\/div>\r\n                                <div class=\"portfolio-content\">\r\n                                    <div class=\"vertical-middle\">\r\n                                        <div class=\"vertical-middle-cell\"><a class=\"p-link\" href=\"https:\/\/gest-bau.es\/fr\/portfolios\/finca-rustica-finca-panoramica\">\r\n        \t                                        <span class=\"vc_icon_element-icon fab fa-accessible-icon\"><\/span>\r\n        \t                                    <\/a><h3 class=\"p-title\"><a href=\"https:\/\/gest-bau.es\/fr\/portfolios\/finca-rustica-finca-panoramica\">Finca r\u00fastica \u00abFinca Panor\u00e1mica\u00bb<\/a><\/h3><p class=\"p-category\"> <a href=\"https:\/\/gest-bau.es\/portfolios-category\/chalet\" rel=\"tag\">Chalet<\/a><\/p><\/div>\r\n                                    <\/div>\r\n                                <\/div>\r\n                            <\/div>\r\n                        <\/div>\r\n\t\t\t\t\r\n\t\t\t\t<div class=\"col-md-4  col-xs-6 grid-item mb-30 filter_unifamiliar \">\r\n                            <div class=\"portfolio-item\">\r\n                                <div class=\"portfolio-img\">\r\n\r\n                                   <img decoding=\"async\" src=\"https:\/\/gest-bau.es\/wp-content\/uploads\/2018\/05\/578.jpg\" alt=\"Chalet Unifamiliar\" \/><\/div>\r\n                                <div class=\"portfolio-content\">\r\n                                    <div class=\"vertical-middle\">\r\n                                        <div class=\"vertical-middle-cell\"><a class=\"p-link\" href=\"https:\/\/gest-bau.es\/fr\/portfolios\/chalet-unifamiliar\">\r\n        \t                                        <span class=\"vc_icon_element-icon fab fa-accessible-icon\"><\/span>\r\n        \t                                    <\/a><h3 class=\"p-title\"><a href=\"https:\/\/gest-bau.es\/fr\/portfolios\/chalet-unifamiliar\">Chalet Unifamiliar<\/a><\/h3><p class=\"p-category\"> <a href=\"https:\/\/gest-bau.es\/portfolios-category\/unifamiliar\" rel=\"tag\">Unifamiliar<\/a><\/p><\/div>\r\n                                    <\/div>\r\n                                <\/div>\r\n                            <\/div>\r\n                        <\/div>\r\n\t\t\t\t\r\n\t\t\t\t<div class=\"col-md-4  col-xs-6 grid-item mb-30 filter_interior-exterior \">\r\n                            <div class=\"portfolio-item\">\r\n                                <div class=\"portfolio-img\">\r\n\r\n                                   <img decoding=\"async\" src=\"https:\/\/gest-bau.es\/wp-content\/uploads\/2018\/05\/644.jpg\" alt=\"Bodegas\" \/><\/div>\r\n                                <div class=\"portfolio-content\">\r\n                                    <div class=\"vertical-middle\">\r\n                                        <div class=\"vertical-middle-cell\"><a class=\"p-link\" href=\"https:\/\/gest-bau.es\/fr\/portfolios\/bodegas\">\r\n        \t                                        <span class=\"vc_icon_element-icon fab fa-accessible-icon\"><\/span>\r\n        \t                                    <\/a><h3 class=\"p-title\"><a href=\"https:\/\/gest-bau.es\/fr\/portfolios\/bodegas\">Bodegas<\/a><\/h3><p class=\"p-category\"> <a href=\"https:\/\/gest-bau.es\/portfolios-category\/interior-exterior\" rel=\"tag\">Interiores y Exteriores<\/a><\/p><\/div>\r\n                                    <\/div>\r\n                                <\/div>\r\n                            <\/div>\r\n                        <\/div>\r\n\t\t\t\t\r\n\t\t\t\t<div class=\"col-md-4  col-xs-6 grid-item mb-30 filter_interior-exterior \">\r\n                            <div class=\"portfolio-item\">\r\n                                <div class=\"portfolio-img\">\r\n\r\n                                   <img decoding=\"async\" src=\"https:\/\/gest-bau.es\/wp-content\/uploads\/2018\/05\/563.jpg\" alt=\"Adosado Can Picafort\" \/><\/div>\r\n                                <div class=\"portfolio-content\">\r\n                                    <div class=\"vertical-middle\">\r\n                                        <div class=\"vertical-middle-cell\"><a class=\"p-link\" href=\"https:\/\/gest-bau.es\/fr\/portfolios\/adosado-can-picafort\">\r\n        \t                                        <span class=\"vc_icon_element-icon fab fa-accessible-icon\"><\/span>\r\n        \t                                    <\/a><h3 class=\"p-title\"><a href=\"https:\/\/gest-bau.es\/fr\/portfolios\/adosado-can-picafort\">Adosado Can Picafort<\/a><\/h3><p class=\"p-category\"> <a href=\"https:\/\/gest-bau.es\/portfolios-category\/interior-exterior\" rel=\"tag\">Interiores y Exteriores<\/a><\/p><\/div>\r\n                                    <\/div>\r\n                                <\/div>\r\n                            <\/div>\r\n                        <\/div>\r\n\t\t\t\t\r\n\t\t\t\t<div class=\"col-md-4  col-xs-6 grid-item mb-30 filter_chalet \">\r\n                            <div class=\"portfolio-item\">\r\n                                <div class=\"portfolio-img\">\r\n\r\n                                   <img decoding=\"async\" src=\"https:\/\/gest-bau.es\/wp-content\/uploads\/2018\/08\/R1S.png\" alt=\"Obra Nueva En Port Verd \u2013 Mallorca\" \/><\/div>\r\n                                <div class=\"portfolio-content\">\r\n                                    <div class=\"vertical-middle\">\r\n                                        <div class=\"vertical-middle-cell\"><a class=\"p-link\" href=\"https:\/\/gest-bau.es\/fr\/portfolios\/obra-nueva-port-verd\">\r\n        \t                                        <span class=\"vc_icon_element-icon fab fa-accessible-icon\"><\/span>\r\n        \t                                    <\/a><h3 class=\"p-title\"><a href=\"https:\/\/gest-bau.es\/fr\/portfolios\/obra-nueva-port-verd\">Obra Nueva En Port Verd \u2013 Mallorca<\/a><\/h3><p class=\"p-category\"> <a href=\"https:\/\/gest-bau.es\/portfolios-category\/chalet\" rel=\"tag\">Chalet<\/a><\/p><\/div>\r\n                                    <\/div>\r\n                                <\/div>\r\n                            <\/div>\r\n                        <\/div>\r\n\t\t\t\t\r\n\t\t\t\t<div class=\"col-md-4  col-xs-6 grid-item mb-30 filter_chalet \">\r\n                            <div class=\"portfolio-item\">\r\n                                <div class=\"portfolio-img\">\r\n\r\n                                   <img decoding=\"async\" src=\"https:\/\/gest-bau.es\/wp-content\/uploads\/2018\/08\/582.jpg\" alt=\"Finca r\u00fastica Son Morro\" \/><\/div>\r\n                                <div class=\"portfolio-content\">\r\n                                    <div class=\"vertical-middle\">\r\n                                        <div class=\"vertical-middle-cell\"><a class=\"p-link\" href=\"https:\/\/gest-bau.es\/fr\/portfolios\/finca-rustica-son-morro\">\r\n        \t                                        <span class=\"vc_icon_element-icon fab fa-accessible-icon\"><\/span>\r\n        \t                                    <\/a><h3 class=\"p-title\"><a href=\"https:\/\/gest-bau.es\/fr\/portfolios\/finca-rustica-son-morro\">Finca r\u00fastica Son Morro<\/a><\/h3><p class=\"p-category\"> <a href=\"https:\/\/gest-bau.es\/portfolios-category\/chalet\" rel=\"tag\">Chalet<\/a><\/p><\/div>\r\n                                    <\/div>\r\n                                <\/div>\r\n                            <\/div>\r\n                        <\/div>\r\n\t\t\t\t\r\n\t\t\t\t<div class=\"col-md-4  col-xs-6 grid-item mb-30 filter_chalet \">\r\n                            <div class=\"portfolio-item\">\r\n                                <div class=\"portfolio-img\">\r\n\r\n                                   <img decoding=\"async\" src=\"https:\/\/gest-bau.es\/wp-content\/uploads\/2018\/08\/300.jpg\" alt=\"Finca r\u00fastica Sa Bisbal\" \/><\/div>\r\n                                <div class=\"portfolio-content\">\r\n                                    <div class=\"vertical-middle\">\r\n                                        <div class=\"vertical-middle-cell\"><a class=\"p-link\" href=\"https:\/\/gest-bau.es\/fr\/portfolios\/finca-rustica-sa-bisbal\">\r\n        \t                                        <span class=\"vc_icon_element-icon fab fa-accessible-icon\"><\/span>\r\n        \t                                    <\/a><h3 class=\"p-title\"><a href=\"https:\/\/gest-bau.es\/fr\/portfolios\/finca-rustica-sa-bisbal\">Finca r\u00fastica Sa Bisbal<\/a><\/h3><p class=\"p-category\"> <a href=\"https:\/\/gest-bau.es\/portfolios-category\/chalet\" rel=\"tag\">Chalet<\/a><\/p><\/div>\r\n                                    <\/div>\r\n                                <\/div>\r\n                            <\/div>\r\n                        <\/div>\r\n\t\t\t\t\r\n\t\t\t\t<div class=\"col-md-4  col-xs-6 grid-item mb-30 filter_chalet \">\r\n                            <div class=\"portfolio-item\">\r\n                                <div class=\"portfolio-img\">\r\n\r\n                                   <img decoding=\"async\" src=\"https:\/\/gest-bau.es\/wp-content\/uploads\/2018\/05\/585.jpg\" alt=\"Finca r\u00fastica Es Tarongers\" \/><\/div>\r\n                                <div class=\"portfolio-content\">\r\n                                    <div class=\"vertical-middle\">\r\n                                        <div class=\"vertical-middle-cell\"><a class=\"p-link\" href=\"https:\/\/gest-bau.es\/fr\/portfolios\/finca-rustica-es-tarongers\">\r\n        \t                                        <span class=\"vc_icon_element-icon fab fa-accessible-icon\"><\/span>\r\n        \t                                    <\/a><h3 class=\"p-title\"><a href=\"https:\/\/gest-bau.es\/fr\/portfolios\/finca-rustica-es-tarongers\">Finca r\u00fastica Es Tarongers<\/a><\/h3><p class=\"p-category\"> <a href=\"https:\/\/gest-bau.es\/portfolios-category\/chalet\" rel=\"tag\">Chalet<\/a><\/p><\/div>\r\n                                    <\/div>\r\n                                <\/div>\r\n                            <\/div>\r\n                        <\/div><\/div><\/div>\r\n\t\t<\/div>\r\n\t\t<\/div>[\/vc_column][\/vc_row]<\/p>\n","protected":false},"excerpt":{"rendered":"<p>[vc_row full_width=&#8221;stretch_row&#8221; css=&#8221;.vc_custom_1529478262875{padding-top: 92px !important;padding-bottom: 70px !important;}&#8221;][vc_column][\/vc_column]&#8230;<\/p>\n","protected":false},"author":1,"featured_media":0,"parent":0,"menu_order":0,"comment_status":"closed","ping_status":"closed","template":"","meta":{"footnotes":""},"class_list":["post-7043","page","type-page","status-publish","hentry"],"aioseo_notices":[],"aioseo_head":"\n\t\t<!-- All in One SEO 5.0.0.1 - aioseo.com -->\n\t<meta name=\"robots\" content=\"max-image-preview:large\" \/>\n\t<link rel=\"canonical\" href=\"https:\/\/gest-bau.es\/fr\/portfolios\/finca-rustica-es-tarongers\" \/>\n\t<meta name=\"generator\" content=\"All in One SEO (AIOSEO) 5.0.0.1\" \/>\n\t\t<meta property=\"og:locale\" content=\"fr_FR\" \/>\n\t\t<meta property=\"og:site_name\" content=\"Gest Bau - Your story, beautifully told - Created with WordPress managed by IONOS\" \/>\n\t\t<meta property=\"og:type\" content=\"article\" \/>\n\t\t<meta property=\"og:title\" content=\"Finca r\u00fastica Es Tarongers - Gest Bau\" \/>\n\t\t<meta property=\"og:url\" content=\"https:\/\/gest-bau.es\/fr\/portfolios\/finca-rustica-es-tarongers\" \/>\n\t\t<meta property=\"article:published_time\" content=\"2017-05-14T10:06:24+00:00\" \/>\n\t\t<meta property=\"article:modified_time\" content=\"2022-05-19T16:28:51+00:00\" \/>\n\t\t<meta name=\"twitter:card\" content=\"summary\" \/>\n\t\t<meta name=\"twitter:title\" content=\"Finca r\u00fastica Es Tarongers - Gest Bau\" \/>\n\t\t<script type=\"application\/ld+json\" class=\"aioseo-schema\">\n\t\t\t{\"@context\":\"https:\\\/\\\/schema.org\",\"@graph\":[{\"@type\":\"BreadcrumbList\",\"@id\":\"https:\\\/\\\/gest-bau.es\\\/fr\\\/portfolios\\\/finca-rustica-es-tarongers#breadcrumblist\",\"itemListElement\":[{\"@type\":\"ListItem\",\"@id\":\"https:\\\/\\\/gest-bau.es\\\/fr#listItem\",\"position\":1,\"name\":\"Home\",\"item\":\"https:\\\/\\\/gest-bau.es\\\/fr\",\"nextItem\":{\"@type\":\"ListItem\",\"@id\":\"https:\\\/\\\/gest-bau.es\\\/fr\\\/projets#listItem\",\"name\":\"Projets\"}},{\"@type\":\"ListItem\",\"@id\":\"https:\\\/\\\/gest-bau.es\\\/fr\\\/projets#listItem\",\"position\":2,\"name\":\"Projets\",\"previousItem\":{\"@type\":\"ListItem\",\"@id\":\"https:\\\/\\\/gest-bau.es\\\/fr#listItem\",\"name\":\"Home\"}}]},{\"@type\":\"Organization\",\"@id\":\"https:\\\/\\\/gest-bau.es\\\/fr\\\/#organization\",\"name\":\"Gest Bau\",\"description\":\"Your story, beautifully told - Created with WordPress managed by IONOS\",\"url\":\"https:\\\/\\\/gest-bau.es\\\/fr\\\/\"},{\"@type\":\"WebPage\",\"@id\":\"https:\\\/\\\/gest-bau.es\\\/fr\\\/portfolios\\\/finca-rustica-es-tarongers#webpage\",\"url\":\"https:\\\/\\\/gest-bau.es\\\/fr\\\/portfolios\\\/finca-rustica-es-tarongers\",\"name\":\"Finca r\\u00fastica Es Tarongers - Gest Bau\",\"inLanguage\":\"fr-FR\",\"isPartOf\":{\"@id\":\"https:\\\/\\\/gest-bau.es\\\/fr\\\/#website\"},\"breadcrumb\":{\"@id\":\"https:\\\/\\\/gest-bau.es\\\/fr\\\/portfolios\\\/finca-rustica-es-tarongers#breadcrumblist\"},\"image\":{\"@type\":\"ImageObject\",\"url\":\"https:\\\/\\\/gest-bau.es\\\/wp-content\\\/uploads\\\/2018\\\/05\\\/585.jpg\",\"@id\":\"https:\\\/\\\/gest-bau.es\\\/fr\\\/portfolios\\\/finca-rustica-es-tarongers\\\/#mainImage\",\"width\":680,\"height\":470},\"primaryImageOfPage\":{\"@id\":\"https:\\\/\\\/gest-bau.es\\\/fr\\\/portfolios\\\/finca-rustica-es-tarongers#mainImage\"},\"datePublished\":\"2017-05-14T10:06:24+00:00\",\"dateModified\":\"2022-05-19T16:28:51+00:00\"},{\"@type\":\"WebSite\",\"@id\":\"https:\\\/\\\/gest-bau.es\\\/fr\\\/#website\",\"url\":\"https:\\\/\\\/gest-bau.es\\\/fr\\\/\",\"name\":\"Gest Bau\",\"description\":\"Your story, beautifully told - Created with WordPress managed by IONOS\",\"inLanguage\":\"fr-FR\",\"publisher\":{\"@id\":\"https:\\\/\\\/gest-bau.es\\\/fr\\\/#organization\"}}]}\n\t\t<\/script>\n\t\t<!-- All in One SEO -->\n\n","aioseo_head_json":{"title":"Finca r\u00fastica Es Tarongers - Gest Bau","description":"","canonical_url":"https:\/\/gest-bau.es\/fr\/portfolios\/finca-rustica-es-tarongers","robots":"max-image-preview:large","keywords":"","webmasterTools":{"miscellaneous":""},"schema":{"@context":"https:\/\/schema.org","@graph":[{"@type":"BreadcrumbList","@id":"https:\/\/gest-bau.es\/fr\/portfolios\/finca-rustica-es-tarongers#breadcrumblist","itemListElement":[{"@type":"ListItem","@id":"https:\/\/gest-bau.es\/fr#listItem","position":1,"name":"Home","item":"https:\/\/gest-bau.es\/fr","nextItem":{"@type":"ListItem","@id":"https:\/\/gest-bau.es\/fr\/projets#listItem","name":"Projets"}},{"@type":"ListItem","@id":"https:\/\/gest-bau.es\/fr\/projets#listItem","position":2,"name":"Projets","previousItem":{"@type":"ListItem","@id":"https:\/\/gest-bau.es\/fr#listItem","name":"Home"}}]},{"@type":"Organization","@id":"https:\/\/gest-bau.es\/fr\/#organization","name":"Gest Bau","description":"Your story, beautifully told - Created with WordPress managed by IONOS","url":"https:\/\/gest-bau.es\/fr\/"},{"@type":"WebPage","@id":"https:\/\/gest-bau.es\/fr\/portfolios\/finca-rustica-es-tarongers#webpage","url":"https:\/\/gest-bau.es\/fr\/portfolios\/finca-rustica-es-tarongers","name":"Finca r\u00fastica Es Tarongers - Gest Bau","inLanguage":"fr-FR","isPartOf":{"@id":"https:\/\/gest-bau.es\/fr\/#website"},"breadcrumb":{"@id":"https:\/\/gest-bau.es\/fr\/portfolios\/finca-rustica-es-tarongers#breadcrumblist"},"image":{"@type":"ImageObject","url":"https:\/\/gest-bau.es\/wp-content\/uploads\/2018\/05\/585.jpg","@id":"https:\/\/gest-bau.es\/fr\/portfolios\/finca-rustica-es-tarongers\/#mainImage","width":680,"height":470},"primaryImageOfPage":{"@id":"https:\/\/gest-bau.es\/fr\/portfolios\/finca-rustica-es-tarongers#mainImage"},"datePublished":"2017-05-14T10:06:24+00:00","dateModified":"2022-05-19T16:28:51+00:00"},{"@type":"WebSite","@id":"https:\/\/gest-bau.es\/fr\/#website","url":"https:\/\/gest-bau.es\/fr\/","name":"Gest Bau","description":"Your story, beautifully told - Created with WordPress managed by IONOS","inLanguage":"fr-FR","publisher":{"@id":"https:\/\/gest-bau.es\/fr\/#organization"}}]},"og:locale":"fr_FR","og:site_name":"Gest Bau - Your story, beautifully told - Created with WordPress managed by IONOS","og:type":"article","og:title":"Finca r\u00fastica Es Tarongers - Gest Bau","og:url":"https:\/\/gest-bau.es\/fr\/portfolios\/finca-rustica-es-tarongers","article:published_time":"2017-05-14T10:06:24+00:00","article:modified_time":"2022-05-19T16:28:51+00:00","twitter:card":"summary","twitter:title":"Finca r\u00fastica Es Tarongers - Gest Bau"},"aioseo_meta_data":{"post_id":"7043","title":"#post_title #separator_sa #site_title","description":"#post_content","keywords":[],"keyphrases":{"focus":{"keyphrase":"","score":0,"analysis":{"keyphraseInTitle":{"score":0,"maxScore":9,"error":1}}},"additional":[]},"primary_term":null,"canonical_url":null,"og_title":null,"og_description":null,"og_object_type":"default","og_image_type":"default","og_image_url":null,"og_image_width":null,"og_image_height":null,"og_image_custom_url":null,"og_image_custom_fields":null,"og_video":"","og_custom_url":null,"og_article_section":null,"og_article_tags":[],"twitter_use_og":false,"twitter_card":"default","twitter_image_type":"default","twitter_image_url":null,"twitter_image_custom_url":null,"twitter_image_custom_fields":null,"twitter_title":null,"twitter_description":null,"schema":{"blockGraphs":[],"customGraphs":[],"default":{"data":{"Article":[],"Course":[],"Dataset":[],"FAQPage":[],"Movie":[],"Person":[],"Product":[],"ProductReview":[],"Car":[],"Recipe":[],"Service":[],"SoftwareApplication":[],"WebPage":[]},"graphName":"","isEnabled":true},"graphs":[],"defaultGraph":"WebPage","defaultPostTypeGraph":""},"schema_type":"default","schema_type_options":"{\"article\":{\"articleType\":\"BlogPosting\"},\"course\":{\"name\":\"\",\"description\":\"\",\"provider\":\"\"},\"faq\":{\"pages\":[]},\"product\":{\"reviews\":[]},\"recipe\":{\"ingredients\":[],\"instructions\":[],\"keywords\":[]},\"software\":{\"reviews\":[],\"operatingSystems\":[]},\"webPage\":{\"webPageType\":\"WebPage\"}}","pillar_content":false,"robots_default":true,"robots_noindex":false,"robots_noarchive":false,"robots_nosnippet":false,"robots_nofollow":false,"robots_noimageindex":false,"robots_noodp":false,"robots_notranslate":false,"robots_max_snippet":"-1","robots_max_videopreview":"-1","robots_max_imagepreview":"large","priority":null,"frequency":"default","local_seo":null,"breadcrumb_settings":null,"limit_modified_date":false,"ai":null,"created":"2022-05-19 16:15:49","updated":"2025-06-06 05:50:36","seo_analyzer_scan_date":null,"focus_keyword":null,"additional_keywords":null,"truseo_locale":null},"aioseo_breadcrumb":"<div class=\"aioseo-breadcrumbs\"><span class=\"aioseo-breadcrumb\">\n\t\t\t<a href=\"https:\/\/gest-bau.es\/fr\" title=\"Home\">Home<\/a>\n\t\t<\/span><span class=\"aioseo-breadcrumb-separator\">&raquo;<\/span><span class=\"aioseo-breadcrumb\">\n\t\t\tProjets\n\t\t<\/span><\/div>","aioseo_breadcrumb_json":[{"label":"Home","link":"https:\/\/gest-bau.es\/fr"},{"label":"Projets","link":"https:\/\/gest-bau.es\/fr\/projets"}],"_links":{"self":[{"href":"https:\/\/gest-bau.es\/fr\/wp-json\/wp\/v2\/pages\/7043","targetHints":{"allow":["GET"]}}],"collection":[{"href":"https:\/\/gest-bau.es\/fr\/wp-json\/wp\/v2\/pages"}],"about":[{"href":"https:\/\/gest-bau.es\/fr\/wp-json\/wp\/v2\/types\/page"}],"author":[{"embeddable":true,"href":"https:\/\/gest-bau.es\/fr\/wp-json\/wp\/v2\/users\/1"}],"replies":[{"embeddable":true,"href":"https:\/\/gest-bau.es\/fr\/wp-json\/wp\/v2\/comments?post=7043"}],"version-history":[{"count":1,"href":"https:\/\/gest-bau.es\/fr\/wp-json\/wp\/v2\/pages\/7043\/revisions"}],"predecessor-version":[{"id":7044,"href":"https:\/\/gest-bau.es\/fr\/wp-json\/wp\/v2\/pages\/7043\/revisions\/7044"}],"wp:attachment":[{"href":"https:\/\/gest-bau.es\/fr\/wp-json\/wp\/v2\/media?parent=7043"}],"curies":[{"name":"wp","href":"https:\/\/api.w.org\/{rel}","templated":true}]}}